{"id":2075,"date":"2026-03-12T13:23:19","date_gmt":"2026-03-12T13:23:19","guid":{"rendered":"https:\/\/ibanez.adv.br\/?page_id=2075"},"modified":"2026-03-16T05:09:40","modified_gmt":"2026-03-16T05:09:40","slug":"gestao-estrategica-de-contencioso-tributario-e-consultoria-fiscal","status":"publish","type":"page","link":"https:\/\/ibanez.adv.br\/index.php\/areas-de-atuacao\/gestao-estrategica-de-contencioso-tributario-e-consultoria-fiscal\/","title":{"rendered":"Gest\u00e3o Estrat\u00e9gica de Contencioso Tribut\u00e1rio e Consultoria Fiscal"},"content":{"rendered":"\t\t<div data-elementor-type=\"wp-page\" data-elementor-id=\"2075\" class=\"elementor elementor-2075\">\n\t\t\t\t<div class=\"elementor-element elementor-element-41cee85 e-con-full e-flex wpr-particle-no wpr-jarallax-no wpr-parallax-no wpr-sticky-section-no wpr-equal-height-no e-con e-parent\" data-id=\"41cee85\" data-element_type=\"container\" data-e-type=\"container\" data-settings=\"{&quot;background_background&quot;:&quot;classic&quot;}\">\n\t\t\t\t<div class=\"elementor-element elementor-element-109d7ed elementor-widget elementor-widget-heading\" data-id=\"109d7ed\" data-element_type=\"widget\" data-e-type=\"widget\" data-widget_type=\"heading.default\">\n\t\t\t\t\t<h2 class=\"elementor-heading-title elementor-size-default\">Gest\u00e3o Estrat\u00e9gica de Contencioso<br \/>  Tribut\u00e1rio e Consultoria Fiscal<\/h2>\t\t\t\t<\/div>\n\t\t\t\t<div class=\"elementor-element elementor-element-e95645e elementor-widget elementor-widget-heading\" data-id=\"e95645e\" data-element_type=\"widget\" data-e-type=\"widget\" data-widget_type=\"heading.default\">\n\t\t\t\t\t<h2 class=\"elementor-heading-title elementor-size-default\">Estrat\u00e9gia tribut\u00e1ria para reduzir riscos e maximizar efici\u00eancia.<\/h2>\t\t\t\t<\/div>\n\t\t\t\t<\/div>\n\t\t<div class=\"elementor-element elementor-element-ff2557d e-flex e-con-boxed wpr-particle-no wpr-jarallax-no wpr-parallax-no wpr-sticky-section-no wpr-equal-height-no e-con e-child\" data-id=\"ff2557d\" data-element_type=\"container\" data-e-type=\"container\">\n\t\t\t\t\t<div class=\"e-con-inner\">\n\t\t<div class=\"elementor-element elementor-element-34ba756 e-con-full e-flex wpr-particle-no wpr-jarallax-no wpr-parallax-no wpr-sticky-section-no wpr-equal-height-no e-con e-child\" data-id=\"34ba756\" data-element_type=\"container\" data-e-type=\"container\">\n\t\t\t\t<div class=\"elementor-element elementor-element-11e799b animated-fast elementor-invisible elementor-widget elementor-widget-qt-custom-heading\" data-id=\"11e799b\" data-element_type=\"widget\" data-e-type=\"widget\" data-settings=\"{&quot;_animation&quot;:&quot;proven-fadeInUp&quot;}\" data-widget_type=\"qt-custom-heading.default\">\n\t\t\t\t\t        <div class=\"custom-heading no-gradient\">\n                            <span class=\"custom-heading__subtitle\">Planejamento e Defesa Tribut\u00e1ria<\/span>\n                        <h2 class=\"custom-heading__title\">Intelig\u00eancia jur\u00eddica para gest\u00e3o eficiente das obriga\u00e7\u00f5es fiscais<\/h2>        <\/div>\n        \t\t\t\t<\/div>\n\t\t\t\t<div class=\"elementor-element elementor-element-fab7226 elementor-widget elementor-widget-text-editor\" data-id=\"fab7226\" data-element_type=\"widget\" data-e-type=\"widget\" data-widget_type=\"text-editor.default\">\n\t\t\t\t\t\t\t\t\t<p>A complexidade da carga tribut\u00e1ria brasileira exige an\u00e1lise constante e estrat\u00e9gias jur\u00eddicas bem estruturadas. Diante das mudan\u00e7as trazidas pela Reforma Tribut\u00e1ria, a conformidade e o planejamento se tornam ainda mais essenciais para empresas e pessoas f\u00edsicas.<\/p><p>Nossa equipe especializada oferece consultoria estrat\u00e9gica e an\u00e1lise aprofundada dos impactos da legisla\u00e7\u00e3o, buscando a m\u00e1xima efici\u00eancia fiscal. Atuamos tanto na adequa\u00e7\u00e3o \u00e0s normas quanto na representa\u00e7\u00e3o em demandas administrativas e judiciais, desde fiscaliza\u00e7\u00f5es e autua\u00e7\u00f5es at\u00e9 as inst\u00e2ncias finais do Poder Judici\u00e1rio.<\/p><p>Tamb\u00e9m auxiliamos na identifica\u00e7\u00e3o de oportunidades para recupera\u00e7\u00e3o de cr\u00e9ditos tribut\u00e1rios e na mitiga\u00e7\u00e3o de passivos fiscais e penalidades. Trabalhamos em conjunto com a contabilidade do cliente para implementar medidas estrat\u00e9gicas que reduzam riscos e fortale\u00e7am a estrutura tribut\u00e1ria das opera\u00e7\u00f5es.<\/p>\t\t\t\t\t\t\t\t<\/div>\n\t\t<div class=\"elementor-element elementor-element-006cbdf e-con-full e-flex wpr-particle-no wpr-jarallax-no wpr-parallax-no wpr-sticky-section-no wpr-equal-height-no e-con e-child\" data-id=\"006cbdf\" data-element_type=\"container\" data-e-type=\"container\">\n\t\t\t\t<div class=\"elementor-element elementor-element-f27101d animated-fast elementor-invisible elementor-widget elementor-widget-qt-button\" data-id=\"f27101d\" data-element_type=\"widget\" data-e-type=\"widget\" data-settings=\"{&quot;_animation&quot;:&quot;proven-fadeInUp&quot;}\" data-widget_type=\"qt-button.default\">\n\t\t\t\t\t\n        <a href=\"https:\/\/ibanez.adv.br\/index.php\/contato\/\" class=\"qt-btn btn-primary\">\n            Solicite uma consulta<\/a>\n\n        \t\t\t\t<\/div>\n\t\t\t\t<\/div>\n\t\t\t\t<\/div>\n\t\t<div class=\"elementor-element elementor-element-b1d841e e-con-full elementor-hidden-tablet elementor-hidden-mobile e-flex wpr-particle-no wpr-jarallax-no wpr-parallax-no wpr-sticky-section-no wpr-equal-height-no e-con e-child\" data-id=\"b1d841e\" data-element_type=\"container\" data-e-type=\"container\">\n\t\t\t\t<div class=\"elementor-element elementor-element-d42659c animated-fast elementor-invisible elementor-widget elementor-widget-image\" data-id=\"d42659c\" data-element_type=\"widget\" data-e-type=\"widget\" data-settings=\"{&quot;_animation&quot;:&quot;proven-fadeInUp&quot;}\" data-widget_type=\"image.default\">\n\t\t\t\t\t\t\t\t\t\t\t\t\t\t\t<img fetchpriority=\"high\" decoding=\"async\" width=\"862\" height=\"800\" src=\"https:\/\/ibanez.adv.br\/wp-content\/uploads\/2026\/03\/Tributa\u0301rio_2.webp\" class=\"attachment-full size-full wp-image-2427\" alt=\"\" srcset=\"https:\/\/ibanez.adv.br\/wp-content\/uploads\/2026\/03\/Tributa\u0301rio_2.webp 862w, https:\/\/ibanez.adv.br\/wp-content\/uploads\/2026\/03\/Tributa\u0301rio_2-300x278.webp 300w, https:\/\/ibanez.adv.br\/wp-content\/uploads\/2026\/03\/Tributa\u0301rio_2-768x713.webp 768w\" sizes=\"(max-width: 862px) 100vw, 862px\" \/>\t\t\t\t\t\t\t\t\t\t\t\t\t\t\t<\/div>\n\t\t\t\t<\/div>\n\t\t\t\t\t<\/div>\n\t\t\t\t<\/div>\n\t\t<div class=\"elementor-element elementor-element-76d28b4 e-flex e-con-boxed wpr-particle-no wpr-jarallax-no wpr-parallax-no wpr-sticky-section-no wpr-equal-height-no e-con e-parent\" data-id=\"76d28b4\" data-element_type=\"container\" data-e-type=\"container\">\n\t\t\t\t\t<div class=\"e-con-inner\">\n\t\t\t\t<div class=\"elementor-element elementor-element-d73658b elementor-widget elementor-widget-image\" data-id=\"d73658b\" data-element_type=\"widget\" data-e-type=\"widget\" data-widget_type=\"image.default\">\n\t\t\t\t\t\t\t\t\t\t\t\t\t\t\t<img decoding=\"async\" width=\"1024\" height=\"11\" src=\"https:\/\/ibanez.adv.br\/wp-content\/uploads\/2026\/03\/Divider-1024x11.webp\" class=\"attachment-large size-large wp-image-1153\" alt=\"\" srcset=\"https:\/\/ibanez.adv.br\/wp-content\/uploads\/2026\/03\/Divider-1024x11.webp 1024w, https:\/\/ibanez.adv.br\/wp-content\/uploads\/2026\/03\/Divider-600x7.webp 600w, https:\/\/ibanez.adv.br\/wp-content\/uploads\/2026\/03\/Divider-300x3.webp 300w, https:\/\/ibanez.adv.br\/wp-content\/uploads\/2026\/03\/Divider-768x8.webp 768w, https:\/\/ibanez.adv.br\/wp-content\/uploads\/2026\/03\/Divider.webp 1200w\" sizes=\"(max-width: 1024px) 100vw, 1024px\" \/>\t\t\t\t\t\t\t\t\t\t\t\t\t\t\t<\/div>\n\t\t\t\t\t<\/div>\n\t\t\t\t<\/div>\n\t\t<div class=\"elementor-element elementor-element-244e30c e-flex e-con-boxed wpr-particle-no wpr-jarallax-no wpr-parallax-no wpr-sticky-section-no wpr-equal-height-no e-con e-parent\" data-id=\"244e30c\" data-element_type=\"container\" data-e-type=\"container\">\n\t\t\t\t\t<div class=\"e-con-inner\">\n\t\t\t\t<div class=\"elementor-element elementor-element-ef81ebf animated-fast elementor-invisible elementor-widget elementor-widget-qt-custom-heading\" data-id=\"ef81ebf\" data-element_type=\"widget\" data-e-type=\"widget\" data-settings=\"{&quot;_animation&quot;:&quot;proven-fadeInUp&quot;}\" data-widget_type=\"qt-custom-heading.default\">\n\t\t\t\t\t        <div class=\"custom-heading no-gradient\">\n                            <span class=\"custom-heading__subtitle\">Oferecemos uma ampla gama de servi\u00e7os.<\/span>\n                        <h2 class=\"custom-heading__title\">Solu\u00e7\u00f5es Jur\u00eddicas em diversas \u00c1reas de Atua\u00e7\u00e3o<\/h2>        <\/div>\n        \t\t\t\t<\/div>\n\t\t<div class=\"elementor-element elementor-element-88b6a28 e-flex e-con-boxed wpr-particle-no wpr-jarallax-no wpr-parallax-no wpr-sticky-section-no wpr-equal-height-no e-con e-child\" data-id=\"88b6a28\" data-element_type=\"container\" data-e-type=\"container\">\n\t\t\t\t\t<div class=\"e-con-inner\">\n\t\t<div class=\"elementor-element elementor-element-064400e e-grid e-con-boxed wpr-particle-no wpr-jarallax-no wpr-parallax-no wpr-sticky-section-no wpr-equal-height-no e-con e-child\" data-id=\"064400e\" data-element_type=\"container\" data-e-type=\"container\">\n\t\t\t\t\t<div class=\"e-con-inner\">\n\t\t\t\t<div class=\"elementor-element elementor-element-96aac03 animated-fast elementor-invisible elementor-widget elementor-widget-qt-featured-page-list\" data-id=\"96aac03\" data-element_type=\"widget\" data-e-type=\"widget\" data-settings=\"{&quot;_animation&quot;:&quot;proven-fadeInUp&quot;}\" data-widget_type=\"qt-featured-page-list.default\">\n\t\t\t\t\t\n        <div class=\"featured-pages-list\">\n            \n            <div class=\"page-list__image\">\n                                            <\/div>\n\n            <div class=\"page-list__items\">\n\n                                <div class=\"page-list__item\">\n                        <h5 class=\"page-list__title\">\n                            <a href=\"https:\/\/ibanez.adv.br\/index.php\/areas-de-atuacao\/gestao-juridica-patrimonial\/\">Gest\u00e3o Jur\u00eddica Patrimonial<\/a>\n                        <\/h5>\n                                                                            <a href=\"https:\/\/ibanez.adv.br\/index.php\/areas-de-atuacao\/gestao-juridica-patrimonial\/\" aria-label=\"Read Gest\u00e3o Jur\u00eddica Patrimonial\" class=\"page-list__button\">\n                                <i aria-hidden=\"true\" class=\"fas fa-arrow-right\"><\/i>                            <\/a>\n                                            <\/div>\n                                        <div class=\"page-list__item\">\n                        <h5 class=\"page-list__title\">\n                            <a href=\"https:\/\/ibanez.adv.br\/index.php\/areas-de-atuacao\/planejamento-matrimonial-patrimonial-e-sucessorio\/\">Planejamento Matrimonial, Patrimonial e Sucess\u00f3rio<\/a>\n                        <\/h5>\n                                                                            <a href=\"https:\/\/ibanez.adv.br\/index.php\/areas-de-atuacao\/planejamento-matrimonial-patrimonial-e-sucessorio\/\" aria-label=\"Read Planejamento Matrimonial, Patrimonial e Sucess\u00f3rio\" class=\"page-list__button\">\n                                <i aria-hidden=\"true\" class=\"fas fa-arrow-right\"><\/i>                            <\/a>\n                                            <\/div>\n                                        <div class=\"page-list__item\">\n                        <h5 class=\"page-list__title\">\n                            <a href=\"https:\/\/ibanez.adv.br\/index.php\/areas-de-atuacao\/direito-de-familia-e-sucessoes\/\">Direito de Fam\u00edlia e Sucess\u00f5es<\/a>\n                        <\/h5>\n                                                                            <a href=\"https:\/\/ibanez.adv.br\/index.php\/areas-de-atuacao\/direito-de-familia-e-sucessoes\/\" aria-label=\"Read Direito de Fam\u00edlia e Sucess\u00f5es\" class=\"page-list__button\">\n                                <i aria-hidden=\"true\" class=\"fas fa-arrow-right\"><\/i>                            <\/a>\n                                            <\/div>\n                                        <div class=\"page-list__item\">\n                        <h5 class=\"page-list__title\">\n                            <a href=\"https:\/\/ibanez.adv.br\/index.php\/areas-de-atuacao\/direito-societario\/\">Direito Societ\u00e1rio<\/a>\n                        <\/h5>\n                                                                            <a href=\"https:\/\/ibanez.adv.br\/index.php\/areas-de-atuacao\/direito-societario\/\" aria-label=\"Read Direito Societ\u00e1rio\" class=\"page-list__button\">\n                                <i aria-hidden=\"true\" class=\"fas fa-arrow-right\"><\/i>                            <\/a>\n                                            <\/div>\n                                <\/div>\n        <\/div>\n        \t\t\t\t<\/div>\n\t\t\t\t<div class=\"elementor-element elementor-element-0d47c2e animated-fast elementor-invisible elementor-widget elementor-widget-qt-featured-page-list\" data-id=\"0d47c2e\" data-element_type=\"widget\" data-e-type=\"widget\" data-settings=\"{&quot;_animation&quot;:&quot;proven-fadeInUp&quot;}\" data-widget_type=\"qt-featured-page-list.default\">\n\t\t\t\t\t\n        <div class=\"featured-pages-list\">\n            \n            <div class=\"page-list__image\">\n                                            <\/div>\n\n            <div class=\"page-list__items\">\n\n                                <div class=\"page-list__item\">\n                        <h5 class=\"page-list__title\">\n                            <a href=\"https:\/\/ibanez.adv.br\/index.php\/areas-de-atuacao\/direito-contratual\/\">Direito Contratual<\/a>\n                        <\/h5>\n                                                                            <a href=\"https:\/\/ibanez.adv.br\/index.php\/areas-de-atuacao\/direito-contratual\/\" aria-label=\"Read Direito Contratual\" class=\"page-list__button\">\n                                <i aria-hidden=\"true\" class=\"fas fa-arrow-right\"><\/i>                            <\/a>\n                                            <\/div>\n                                        <div class=\"page-list__item\">\n                        <h5 class=\"page-list__title\">\n                            <a href=\"https:\/\/ibanez.adv.br\/index.php\/areas-de-atuacao\/direito-imobiliario-notarial-e-registral\/\">Direito Imobili\u00e1rio, Notarial e Registral<\/a>\n                        <\/h5>\n                                                                            <a href=\"https:\/\/ibanez.adv.br\/index.php\/areas-de-atuacao\/direito-imobiliario-notarial-e-registral\/\" aria-label=\"Read Direito Imobili\u00e1rio, Notarial e Registral\" class=\"page-list__button\">\n                                <i aria-hidden=\"true\" class=\"fas fa-arrow-right\"><\/i>                            <\/a>\n                                            <\/div>\n                                        <div class=\"page-list__item\">\n                        <h5 class=\"page-list__title\">\n                            <a href=\"https:\/\/ibanez.adv.br\/index.php\/areas-de-atuacao\/gestao-estrategica-do-contencioso-e-consultoria-civel\/\">Gest\u00e3o Estrat\u00e9gica do Contencioso e Consultoria C\u00edvel<\/a>\n                        <\/h5>\n                                                                            <a href=\"https:\/\/ibanez.adv.br\/index.php\/areas-de-atuacao\/gestao-estrategica-do-contencioso-e-consultoria-civel\/\" aria-label=\"Read Gest\u00e3o Estrat\u00e9gica do Contencioso e Consultoria C\u00edvel\" class=\"page-list__button\">\n                                <i aria-hidden=\"true\" class=\"fas fa-arrow-right\"><\/i>                            <\/a>\n                                            <\/div>\n                                        <div class=\"page-list__item\">\n                        <h5 class=\"page-list__title\">\n                            <a href=\"https:\/\/ibanez.adv.br\/index.php\/areas-de-atuacao\/assessoria-juridica-para-compliance\/\">Assessoria Jur\u00eddica para Compliance<\/a>\n                        <\/h5>\n                                                                            <a href=\"https:\/\/ibanez.adv.br\/index.php\/areas-de-atuacao\/assessoria-juridica-para-compliance\/\" aria-label=\"Read Assessoria Jur\u00eddica para Compliance\" class=\"page-list__button\">\n                                <i aria-hidden=\"true\" class=\"fas fa-arrow-right\"><\/i>                            <\/a>\n                                            <\/div>\n                                <\/div>\n        <\/div>\n        \t\t\t\t<\/div>\n\t\t\t\t\t<\/div>\n\t\t\t\t<\/div>\n\t\t\t\t\t<\/div>\n\t\t\t\t<\/div>\n\t\t\t\t\t<\/div>\n\t\t\t\t<\/div>\n\t\t\t\t<\/div>\n\t\t","protected":false},"excerpt":{"rendered":"<p>Prote\u00e7\u00e3o, estrat\u00e9gia e seguran\u00e7a para o seu patrim\u00f4nio.<\/p>\n","protected":false},"author":2,"featured_media":2427,"parent":959,"menu_order":0,"comment_status":"closed","ping_status":"closed","template":"","meta":{"_acf_changed":false,"footnotes":""},"class_list":["post-2075","page","type-page","status-publish","has-post-thumbnail","hentry"],"acf":[],"yoast_head":"<!-- This site is optimized with the Yoast SEO plugin v27.1.1 - https:\/\/yoast.com\/product\/yoast-seo-wordpress\/ -->\n<title>Gest\u00e3o Estrat\u00e9gica de Contencioso Tribut\u00e1rio e Consultoria Fiscal - Iba\u00f1ez Advogados Associados<\/title>\n<meta name=\"robots\" content=\"index, follow, max-snippet:-1, max-image-preview:large, max-video-preview:-1\" \/>\n<link rel=\"canonical\" href=\"https:\/\/ibanez.adv.br\/index.php\/areas-de-atuacao\/gestao-estrategica-de-contencioso-tributario-e-consultoria-fiscal\/\" \/>\n<meta property=\"og:locale\" content=\"en_US\" \/>\n<meta property=\"og:type\" content=\"article\" \/>\n<meta property=\"og:title\" content=\"Gest\u00e3o Estrat\u00e9gica de Contencioso Tribut\u00e1rio e Consultoria Fiscal - Iba\u00f1ez Advogados Associados\" \/>\n<meta property=\"og:description\" content=\"Prote\u00e7\u00e3o, estrat\u00e9gia e seguran\u00e7a para o seu patrim\u00f4nio.\" \/>\n<meta property=\"og:url\" content=\"https:\/\/ibanez.adv.br\/index.php\/areas-de-atuacao\/gestao-estrategica-de-contencioso-tributario-e-consultoria-fiscal\/\" \/>\n<meta property=\"og:site_name\" content=\"Iba\u00f1ez Advogados Associados\" \/>\n<meta property=\"article:modified_time\" content=\"2026-03-16T05:09:40+00:00\" \/>\n<meta property=\"og:image\" content=\"https:\/\/ibanez.adv.br\/wp-content\/uploads\/2026\/03\/Tributa\u0301rio_2.webp\" \/>\n\t<meta property=\"og:image:width\" content=\"862\" \/>\n\t<meta property=\"og:image:height\" content=\"800\" \/>\n\t<meta property=\"og:image:type\" content=\"image\/webp\" \/>\n<meta name=\"twitter:card\" content=\"summary_large_image\" \/>\n<meta name=\"twitter:label1\" content=\"Est. reading time\" \/>\n\t<meta name=\"twitter:data1\" content=\"2 minutes\" \/>\n<script type=\"application\/ld+json\" class=\"yoast-schema-graph\">{\"@context\":\"https:\/\/schema.org\",\"@graph\":[{\"@type\":\"WebPage\",\"@id\":\"https:\/\/ibanez.adv.br\/index.php\/areas-de-atuacao\/gestao-estrategica-de-contencioso-tributario-e-consultoria-fiscal\/\",\"url\":\"https:\/\/ibanez.adv.br\/index.php\/areas-de-atuacao\/gestao-estrategica-de-contencioso-tributario-e-consultoria-fiscal\/\",\"name\":\"Gest\u00e3o Estrat\u00e9gica de Contencioso Tribut\u00e1rio e Consultoria Fiscal - Iba\u00f1ez Advogados Associados\",\"isPartOf\":{\"@id\":\"https:\/\/ibanez.adv.br\/#website\"},\"primaryImageOfPage\":{\"@id\":\"https:\/\/ibanez.adv.br\/index.php\/areas-de-atuacao\/gestao-estrategica-de-contencioso-tributario-e-consultoria-fiscal\/#primaryimage\"},\"image\":{\"@id\":\"https:\/\/ibanez.adv.br\/index.php\/areas-de-atuacao\/gestao-estrategica-de-contencioso-tributario-e-consultoria-fiscal\/#primaryimage\"},\"thumbnailUrl\":\"https:\/\/ibanez.adv.br\/wp-content\/uploads\/2026\/03\/Tributa\u0301rio_2.webp\",\"datePublished\":\"2026-03-12T13:23:19+00:00\",\"dateModified\":\"2026-03-16T05:09:40+00:00\",\"breadcrumb\":{\"@id\":\"https:\/\/ibanez.adv.br\/index.php\/areas-de-atuacao\/gestao-estrategica-de-contencioso-tributario-e-consultoria-fiscal\/#breadcrumb\"},\"inLanguage\":\"en-US\",\"potentialAction\":[{\"@type\":\"ReadAction\",\"target\":[\"https:\/\/ibanez.adv.br\/index.php\/areas-de-atuacao\/gestao-estrategica-de-contencioso-tributario-e-consultoria-fiscal\/\"]}]},{\"@type\":\"ImageObject\",\"inLanguage\":\"en-US\",\"@id\":\"https:\/\/ibanez.adv.br\/index.php\/areas-de-atuacao\/gestao-estrategica-de-contencioso-tributario-e-consultoria-fiscal\/#primaryimage\",\"url\":\"https:\/\/ibanez.adv.br\/wp-content\/uploads\/2026\/03\/Tributa\u0301rio_2.webp\",\"contentUrl\":\"https:\/\/ibanez.adv.br\/wp-content\/uploads\/2026\/03\/Tributa\u0301rio_2.webp\",\"width\":862,\"height\":800},{\"@type\":\"BreadcrumbList\",\"@id\":\"https:\/\/ibanez.adv.br\/index.php\/areas-de-atuacao\/gestao-estrategica-de-contencioso-tributario-e-consultoria-fiscal\/#breadcrumb\",\"itemListElement\":[{\"@type\":\"ListItem\",\"position\":1,\"name\":\"Home\",\"item\":\"https:\/\/ibanez.adv.br\/\"},{\"@type\":\"ListItem\",\"position\":2,\"name\":\"\u00c1reas de Atua\u00e7\u00e3o\",\"item\":\"https:\/\/ibanez.adv.br\/index.php\/areas-de-atuacao\/\"},{\"@type\":\"ListItem\",\"position\":3,\"name\":\"Gest\u00e3o Estrat\u00e9gica de Contencioso Tribut\u00e1rio e Consultoria Fiscal\"}]},{\"@type\":\"WebSite\",\"@id\":\"https:\/\/ibanez.adv.br\/#website\",\"url\":\"https:\/\/ibanez.adv.br\/\",\"name\":\"Iba\u00f1ez Advogados Associados\",\"description\":\"\",\"publisher\":{\"@id\":\"https:\/\/ibanez.adv.br\/#organization\"},\"potentialAction\":[{\"@type\":\"SearchAction\",\"target\":{\"@type\":\"EntryPoint\",\"urlTemplate\":\"https:\/\/ibanez.adv.br\/?s={search_term_string}\"},\"query-input\":{\"@type\":\"PropertyValueSpecification\",\"valueRequired\":true,\"valueName\":\"search_term_string\"}}],\"inLanguage\":\"en-US\"},{\"@type\":\"Organization\",\"@id\":\"https:\/\/ibanez.adv.br\/#organization\",\"name\":\"Iba\u00f1ez Advogados Associados\",\"url\":\"https:\/\/ibanez.adv.br\/\",\"logo\":{\"@type\":\"ImageObject\",\"inLanguage\":\"en-US\",\"@id\":\"https:\/\/ibanez.adv.br\/#\/schema\/logo\/image\/\",\"url\":\"\",\"contentUrl\":\"\",\"caption\":\"Iba\u00f1ez Advogados Associados\"},\"image\":{\"@id\":\"https:\/\/ibanez.adv.br\/#\/schema\/logo\/image\/\"}}]}<\/script>\n<!-- \/ Yoast SEO plugin. -->","yoast_head_json":{"title":"Gest\u00e3o Estrat\u00e9gica de Contencioso Tribut\u00e1rio e Consultoria Fiscal - Iba\u00f1ez Advogados Associados","robots":{"index":"index","follow":"follow","max-snippet":"max-snippet:-1","max-image-preview":"max-image-preview:large","max-video-preview":"max-video-preview:-1"},"canonical":"https:\/\/ibanez.adv.br\/index.php\/areas-de-atuacao\/gestao-estrategica-de-contencioso-tributario-e-consultoria-fiscal\/","og_locale":"en_US","og_type":"article","og_title":"Gest\u00e3o Estrat\u00e9gica de Contencioso Tribut\u00e1rio e Consultoria Fiscal - Iba\u00f1ez Advogados Associados","og_description":"Prote\u00e7\u00e3o, estrat\u00e9gia e seguran\u00e7a para o seu patrim\u00f4nio.","og_url":"https:\/\/ibanez.adv.br\/index.php\/areas-de-atuacao\/gestao-estrategica-de-contencioso-tributario-e-consultoria-fiscal\/","og_site_name":"Iba\u00f1ez Advogados Associados","article_modified_time":"2026-03-16T05:09:40+00:00","og_image":[{"width":862,"height":800,"url":"https:\/\/ibanez.adv.br\/wp-content\/uploads\/2026\/03\/Tributa\u0301rio_2.webp","type":"image\/webp"}],"twitter_card":"summary_large_image","twitter_misc":{"Est. reading time":"2 minutes"},"schema":{"@context":"https:\/\/schema.org","@graph":[{"@type":"WebPage","@id":"https:\/\/ibanez.adv.br\/index.php\/areas-de-atuacao\/gestao-estrategica-de-contencioso-tributario-e-consultoria-fiscal\/","url":"https:\/\/ibanez.adv.br\/index.php\/areas-de-atuacao\/gestao-estrategica-de-contencioso-tributario-e-consultoria-fiscal\/","name":"Gest\u00e3o Estrat\u00e9gica de Contencioso Tribut\u00e1rio e Consultoria Fiscal - Iba\u00f1ez Advogados Associados","isPartOf":{"@id":"https:\/\/ibanez.adv.br\/#website"},"primaryImageOfPage":{"@id":"https:\/\/ibanez.adv.br\/index.php\/areas-de-atuacao\/gestao-estrategica-de-contencioso-tributario-e-consultoria-fiscal\/#primaryimage"},"image":{"@id":"https:\/\/ibanez.adv.br\/index.php\/areas-de-atuacao\/gestao-estrategica-de-contencioso-tributario-e-consultoria-fiscal\/#primaryimage"},"thumbnailUrl":"https:\/\/ibanez.adv.br\/wp-content\/uploads\/2026\/03\/Tributa\u0301rio_2.webp","datePublished":"2026-03-12T13:23:19+00:00","dateModified":"2026-03-16T05:09:40+00:00","breadcrumb":{"@id":"https:\/\/ibanez.adv.br\/index.php\/areas-de-atuacao\/gestao-estrategica-de-contencioso-tributario-e-consultoria-fiscal\/#breadcrumb"},"inLanguage":"en-US","potentialAction":[{"@type":"ReadAction","target":["https:\/\/ibanez.adv.br\/index.php\/areas-de-atuacao\/gestao-estrategica-de-contencioso-tributario-e-consultoria-fiscal\/"]}]},{"@type":"ImageObject","inLanguage":"en-US","@id":"https:\/\/ibanez.adv.br\/index.php\/areas-de-atuacao\/gestao-estrategica-de-contencioso-tributario-e-consultoria-fiscal\/#primaryimage","url":"https:\/\/ibanez.adv.br\/wp-content\/uploads\/2026\/03\/Tributa\u0301rio_2.webp","contentUrl":"https:\/\/ibanez.adv.br\/wp-content\/uploads\/2026\/03\/Tributa\u0301rio_2.webp","width":862,"height":800},{"@type":"BreadcrumbList","@id":"https:\/\/ibanez.adv.br\/index.php\/areas-de-atuacao\/gestao-estrategica-de-contencioso-tributario-e-consultoria-fiscal\/#breadcrumb","itemListElement":[{"@type":"ListItem","position":1,"name":"Home","item":"https:\/\/ibanez.adv.br\/"},{"@type":"ListItem","position":2,"name":"\u00c1reas de Atua\u00e7\u00e3o","item":"https:\/\/ibanez.adv.br\/index.php\/areas-de-atuacao\/"},{"@type":"ListItem","position":3,"name":"Gest\u00e3o Estrat\u00e9gica de Contencioso Tribut\u00e1rio e Consultoria Fiscal"}]},{"@type":"WebSite","@id":"https:\/\/ibanez.adv.br\/#website","url":"https:\/\/ibanez.adv.br\/","name":"Iba\u00f1ez Advogados Associados","description":"","publisher":{"@id":"https:\/\/ibanez.adv.br\/#organization"},"potentialAction":[{"@type":"SearchAction","target":{"@type":"EntryPoint","urlTemplate":"https:\/\/ibanez.adv.br\/?s={search_term_string}"},"query-input":{"@type":"PropertyValueSpecification","valueRequired":true,"valueName":"search_term_string"}}],"inLanguage":"en-US"},{"@type":"Organization","@id":"https:\/\/ibanez.adv.br\/#organization","name":"Iba\u00f1ez Advogados Associados","url":"https:\/\/ibanez.adv.br\/","logo":{"@type":"ImageObject","inLanguage":"en-US","@id":"https:\/\/ibanez.adv.br\/#\/schema\/logo\/image\/","url":"","contentUrl":"","caption":"Iba\u00f1ez Advogados Associados"},"image":{"@id":"https:\/\/ibanez.adv.br\/#\/schema\/logo\/image\/"}}]}},"_links":{"self":[{"href":"https:\/\/ibanez.adv.br\/index.php\/wp-json\/wp\/v2\/pages\/2075","targetHints":{"allow":["GET"]}}],"collection":[{"href":"https:\/\/ibanez.adv.br\/index.php\/wp-json\/wp\/v2\/pages"}],"about":[{"href":"https:\/\/ibanez.adv.br\/index.php\/wp-json\/wp\/v2\/types\/page"}],"author":[{"embeddable":true,"href":"https:\/\/ibanez.adv.br\/index.php\/wp-json\/wp\/v2\/users\/2"}],"replies":[{"embeddable":true,"href":"https:\/\/ibanez.adv.br\/index.php\/wp-json\/wp\/v2\/comments?post=2075"}],"version-history":[{"count":13,"href":"https:\/\/ibanez.adv.br\/index.php\/wp-json\/wp\/v2\/pages\/2075\/revisions"}],"predecessor-version":[{"id":2431,"href":"https:\/\/ibanez.adv.br\/index.php\/wp-json\/wp\/v2\/pages\/2075\/revisions\/2431"}],"up":[{"embeddable":true,"href":"https:\/\/ibanez.adv.br\/index.php\/wp-json\/wp\/v2\/pages\/959"}],"wp:featuredmedia":[{"embeddable":true,"href":"https:\/\/ibanez.adv.br\/index.php\/wp-json\/wp\/v2\/media\/2427"}],"wp:attachment":[{"href":"https:\/\/ibanez.adv.br\/index.php\/wp-json\/wp\/v2\/media?parent=2075"}],"curies":[{"name":"wp","href":"https:\/\/api.w.org\/{rel}","templated":true}]}}